{"id":1326,"date":"2025-05-26T08:24:00","date_gmt":"2025-05-26T07:24:00","guid":{"rendered":"https:\/\/lectio365.com\/?post_type=spotlight&#038;p=1326"},"modified":"2025-05-26T05:59:31","modified_gmt":"2025-05-26T04:59:31","slug":"una-oracion-para-tener-mas-fe","status":"publish","type":"spotlight","link":"http:\/\/lectio365.com\/es\/spotlight-and-resources\/una-oracion-para-tener-mas-fe\/","title":{"rendered":"Una oraci\u00f3n para tener m\u00e1s fe"},"content":{"rendered":"\n<p><strong>Una oraci\u00f3n para tener m\u00e1s fe sirve para donde quiera que nos encontremos en nuestro camino espiritual, y podemos orar por nosotros mismos y por los dem\u00e1s para tener m\u00e1s fe.<\/strong><\/p>\n\n\n\n<p>La Biblia tiene mucho que decir acerca de la fe; qu\u00e9 es la fe (<a href=\"https:\/\/www.biblegateway.com\/passage\/?search=Hebrews%2011%3A1&amp;version=NIVUK\">Hebreos 11:1<\/a>), de d\u00f3nde viene la fe (<a href=\"https:\/\/www.biblegateway.com\/passage\/?search=Romans%2010&amp;version=NIVUK\">Romanos 10:17<\/a>), y qu\u00e9 es el poder de la fe (<a href=\"https:\/\/www.biblegateway.com\/passage\/?search=Mark%2011%3A22-24&amp;version=NIVUK\">Marcos 11:22-24<\/a>, <a href=\"https:\/\/www.biblegateway.com\/passage\/?search=Matthew%2021%3A22&amp;version=NIVUK\">Mateo 21:22<\/a>).<\/p>\n\n\n\n<p>En <a href=\"https:\/\/www.biblegateway.com\/passage\/?search=Hebrews%2011&amp;version=NIVUK\">Hebreos 11<\/a> leemos acerca de nuestra fe, que agrada a Dios, y que \u00e9l recompensa a los que le buscan.<\/p>\n\n\n\n<p><a href=\"https:\/\/www.biblegateway.com\/passage\/?search=Proverbs%2028%3A20&amp;version=NIVUK\">Proverbios 28:20<\/a> nos dice que la fe trae bendici\u00f3n, y en <a href=\"https:\/\/www.biblegateway.com\/passage\/?search=Matthew%2025%3A21&amp;version=NIVUK\">Mateo 25:21<\/a>, Jesus nos dice que ser fieles con pocas cosas nos lleva a poder ser responsables de mucho m\u00e1s.<\/p>\n\n\n\n<p>Cuando sentimos que nuestra fe es d\u00e9bil, puede ser dif\u00edcil saber c\u00f3mo hacerla crecer. Incluso cuando parece m\u00e1s fuerte, siempre podemos orar para que la fe crezca; dando nuestras esperanzas y sue\u00f1os a Jes\u00fas.<\/p>\n\n\n\n<div style=\"height:50px\" aria-hidden=\"true\" class=\"wp-block-spacer\"><\/div>\n\n\n\n<h3 class=\"wp-block-heading\">Una oraci\u00f3n por m\u00e1s fe<\/h3>\n\n\n\n<p>Esta es una oraci\u00f3n para tener m\u00e1s fe, compartida por primera vez en las oraciones de la ma\u00f1ana de Lectio 365 el 26 de mayo de 2025:<\/p>\n\n\n\n<div style=\"height:30px\" aria-hidden=\"true\" class=\"wp-block-spacer\"><\/div>\n\n\n\n<div class=\"wp-block-group has-white-color has-green-background-color has-text-color has-background has-link-color wp-elements-5ae6d8939b9f10e6ac26d88557ceacf8\"><div class=\"wp-block-group__inner-container is-layout-constrained wp-block-group-is-layout-constrained\">\n<p><em><em>Dios, conf\u00edo en que tu palabra es verdad y en que est\u00e1s actuando en mi vida, incluso cuando no puedo verlo. Nombro hoy ante ti mis preguntas, mis esperanzas y mis sue\u00f1os, y te doy gracias de antemano por la forma en que har\u00e1s visible lo invisible, demostrando tu fidelidad. Y Se\u00f1or, aunque hoy no sea capaz de pedir con fe, te ruego: \u00abCreo, pero ay\u00fadame a vencer mi incredulidad\u00bb. <\/em><\/em><\/p>\n<\/div><\/div>\n\n\n\n<div style=\"height:30px\" aria-hidden=\"true\" class=\"wp-block-spacer\"><\/div>\n\n\n\n<p>Adem\u00e1s de orar por nosotros mismos, tambi\u00e9n podemos orar por los que nos rodean. Utiliza esta oraci\u00f3n para pedir m\u00e1s fe para alguien que conozcas, sea cristiano o no.<\/p>\n\n\n\n<div style=\"height:30px\" aria-hidden=\"true\" class=\"wp-block-spacer\"><\/div>\n\n\n\n<div class=\"wp-block-group has-white-color has-green-background-color has-text-color has-background has-link-color wp-elements-dbb0c05466cb37ab3ad181e93cb7bbb5\"><div class=\"wp-block-group__inner-container is-layout-constrained wp-block-group-is-layout-constrained\">\n<p><em><em>Se\u00f1or, te pido por alguien que conozco y que se enfrenta a lo que parece ser un problema sin soluci\u00f3n. Aumenta la medida de su fe y demu\u00e9strale hoy tu fidelidad.<\/em><\/em><\/p>\n<\/div><\/div>\n\n\n\n<div style=\"height:30px\" aria-hidden=\"true\" class=\"wp-block-spacer\"><\/div>\n\n\n\n<h3 class=\"wp-block-heading\">Aumenta tu fe con Lectio 365<\/h3>\n\n\n\n<p><strong>Lectio 365 es una <a href=\"https:\/\/lectio365.com\/the-app\/\"> app devocional diaria gratuita<\/a> que te ayuda a orar la Biblia diariamente y a experimentar la presencia de Dios en tu vida.<\/strong><\/p>\n\n\n\n<p>Comienza tu viaje hacia una vida de oraci\u00f3n m\u00e1s profunda hoy descargando Lectio 365 de forma gratuita.<\/p>\n\n\n\n<div class=\"wp-block-buttons is-layout-flex wp-block-buttons-is-layout-flex\">\n<div class=\"wp-block-button\"><a class=\"wp-block-button__link wp-element-button\" href=\"https:\/\/apps.apple.com\/app\/apple-store\/id1483974820?pt=119257955&amp;ct=Lectio%20365%20Website&amp;mt=8\">iOS App Store<\/a><\/div>\n\n\n\n<div class=\"wp-block-button\"><a class=\"wp-block-button__link wp-element-button\" href=\"https:\/\/play.google.com\/store\/apps\/details?id=com.prayer247.lectio365\">Google Play Store<\/a><\/div>\n<\/div>\n\n\n\n<p><\/p>\n","protected":false},"author":3,"featured_media":1270,"template":"","spotlight_type":[35],"host":[],"class_list":["post-1326","spotlight","type-spotlight","status-publish","has-post-thumbnail","hentry","spotlight_type-destacado"],"acf":[],"yoast_head":"<!-- This site is optimized with the Yoast SEO plugin v26.8 - https:\/\/yoast.com\/product\/yoast-seo-wordpress\/ -->\n<title>Una oraci\u00f3n para tener m\u00e1s fe - Lectio 365<\/title>\n<meta name=\"description\" content=\"Una oraci\u00f3n para tener m\u00e1s fe es para donde quiera que nos encontremos en nuestro camino espiritual, y podemos orar por nosotros mismos y por los dem\u00e1s para tener m\u00e1s fe.\" \/>\n<meta name=\"robots\" content=\"index, follow, max-snippet:-1, max-image-preview:large, max-video-preview:-1\" \/>\n<link rel=\"canonical\" href=\"http:\/\/lectio365.com\/es\/spotlight-and-resources\/una-oracion-para-tener-mas-fe\/\" \/>\n<meta property=\"og:locale\" content=\"es_ES\" \/>\n<meta property=\"og:type\" content=\"article\" \/>\n<meta property=\"og:title\" content=\"Una oraci\u00f3n para tener m\u00e1s fe - Lectio 365\" \/>\n<meta property=\"og:description\" content=\"Una oraci\u00f3n para tener m\u00e1s fe es para donde quiera que nos encontremos en nuestro camino espiritual, y podemos orar por nosotros mismos y por los dem\u00e1s para tener m\u00e1s fe.\" \/>\n<meta property=\"og:url\" content=\"http:\/\/lectio365.com\/es\/spotlight-and-resources\/una-oracion-para-tener-mas-fe\/\" \/>\n<meta property=\"og:site_name\" content=\"Lectio 365\" \/>\n<meta property=\"article:publisher\" content=\"https:\/\/www.facebook.com\/lectio365app\/\" \/>\n<meta property=\"og:image\" content=\"http:\/\/lectio365.com\/wp-content\/uploads\/2025\/05\/a-prayer-for-more-faith.jpg\" \/>\n\t<meta property=\"og:image:width\" content=\"1500\" \/>\n\t<meta property=\"og:image:height\" content=\"1000\" \/>\n\t<meta property=\"og:image:type\" content=\"image\/jpeg\" \/>\n<meta name=\"twitter:card\" content=\"summary_large_image\" \/>\n<meta name=\"twitter:label1\" content=\"Tiempo de lectura\" \/>\n\t<meta name=\"twitter:data1\" content=\"2 minutos\" \/>\n<script type=\"application\/ld+json\" class=\"yoast-schema-graph\">{\"@context\":\"https:\/\/schema.org\",\"@graph\":[{\"@type\":\"WebPage\",\"@id\":\"http:\/\/lectio365.com\/es\/spotlight-and-resources\/una-oracion-para-tener-mas-fe\/\",\"url\":\"http:\/\/lectio365.com\/es\/spotlight-and-resources\/una-oracion-para-tener-mas-fe\/\",\"name\":\"Una oraci\u00f3n para tener m\u00e1s fe - Lectio 365\",\"isPartOf\":{\"@id\":\"https:\/\/lectio365.com\/es\/#website\"},\"primaryImageOfPage\":{\"@id\":\"http:\/\/lectio365.com\/es\/spotlight-and-resources\/una-oracion-para-tener-mas-fe\/#primaryimage\"},\"image\":{\"@id\":\"http:\/\/lectio365.com\/es\/spotlight-and-resources\/una-oracion-para-tener-mas-fe\/#primaryimage\"},\"thumbnailUrl\":\"http:\/\/lectio365.com\/wp-content\/uploads\/2025\/05\/a-prayer-for-more-faith.jpg\",\"datePublished\":\"2025-05-26T07:24:00+00:00\",\"description\":\"Una oraci\u00f3n para tener m\u00e1s fe es para donde quiera que nos encontremos en nuestro camino espiritual, y podemos orar por nosotros mismos y por los dem\u00e1s para tener m\u00e1s fe.\",\"breadcrumb\":{\"@id\":\"http:\/\/lectio365.com\/es\/spotlight-and-resources\/una-oracion-para-tener-mas-fe\/#breadcrumb\"},\"inLanguage\":\"es\",\"potentialAction\":[{\"@type\":\"ReadAction\",\"target\":[\"http:\/\/lectio365.com\/es\/spotlight-and-resources\/una-oracion-para-tener-mas-fe\/\"]}]},{\"@type\":\"ImageObject\",\"inLanguage\":\"es\",\"@id\":\"http:\/\/lectio365.com\/es\/spotlight-and-resources\/una-oracion-para-tener-mas-fe\/#primaryimage\",\"url\":\"http:\/\/lectio365.com\/wp-content\/uploads\/2025\/05\/a-prayer-for-more-faith.jpg\",\"contentUrl\":\"http:\/\/lectio365.com\/wp-content\/uploads\/2025\/05\/a-prayer-for-more-faith.jpg\",\"width\":1500,\"height\":1000,\"caption\":\"A Prayer for More Faith\"},{\"@type\":\"BreadcrumbList\",\"@id\":\"http:\/\/lectio365.com\/es\/spotlight-and-resources\/una-oracion-para-tener-mas-fe\/#breadcrumb\",\"itemListElement\":[{\"@type\":\"ListItem\",\"position\":1,\"name\":\"Home\",\"item\":\"https:\/\/lectio365.com\/es\/\"},{\"@type\":\"ListItem\",\"position\":2,\"name\":\"Una oraci\u00f3n para tener m\u00e1s fe\"}]},{\"@type\":\"WebSite\",\"@id\":\"https:\/\/lectio365.com\/es\/#website\",\"url\":\"https:\/\/lectio365.com\/es\/\",\"name\":\"Lectio 365\",\"description\":\"Pray the Bible every day\",\"publisher\":{\"@id\":\"https:\/\/lectio365.com\/es\/#organization\"},\"potentialAction\":[{\"@type\":\"SearchAction\",\"target\":{\"@type\":\"EntryPoint\",\"urlTemplate\":\"https:\/\/lectio365.com\/es\/?s={search_term_string}\"},\"query-input\":{\"@type\":\"PropertyValueSpecification\",\"valueRequired\":true,\"valueName\":\"search_term_string\"}}],\"inLanguage\":\"es\"},{\"@type\":\"Organization\",\"@id\":\"https:\/\/lectio365.com\/es\/#organization\",\"name\":\"Lectio 365\",\"url\":\"https:\/\/lectio365.com\/es\/\",\"logo\":{\"@type\":\"ImageObject\",\"inLanguage\":\"es\",\"@id\":\"https:\/\/lectio365.com\/es\/#\/schema\/logo\/image\/\",\"url\":\"http:\/\/lectio365.com\/wp-content\/uploads\/2025\/05\/logo-dark.svg\",\"contentUrl\":\"http:\/\/lectio365.com\/wp-content\/uploads\/2025\/05\/logo-dark.svg\",\"width\":\"1024\",\"height\":\"1024\",\"caption\":\"Lectio 365\"},\"image\":{\"@id\":\"https:\/\/lectio365.com\/es\/#\/schema\/logo\/image\/\"},\"sameAs\":[\"https:\/\/www.facebook.com\/lectio365app\/\",\"https:\/\/www.instagram.com\/lectio365\/\",\"https:\/\/www.threads.com\/@lectio365\",\"https:\/\/www.youtube.com\/@Lectio365\",\"https:\/\/www.tiktok.com\/@lectio365\"]}]}<\/script>\n<!-- \/ Yoast SEO plugin. -->","yoast_head_json":{"title":"Una oraci\u00f3n para tener m\u00e1s fe - Lectio 365","description":"Una oraci\u00f3n para tener m\u00e1s fe es para donde quiera que nos encontremos en nuestro camino espiritual, y podemos orar por nosotros mismos y por los dem\u00e1s para tener m\u00e1s fe.","robots":{"index":"index","follow":"follow","max-snippet":"max-snippet:-1","max-image-preview":"max-image-preview:large","max-video-preview":"max-video-preview:-1"},"canonical":"http:\/\/lectio365.com\/es\/spotlight-and-resources\/una-oracion-para-tener-mas-fe\/","og_locale":"es_ES","og_type":"article","og_title":"Una oraci\u00f3n para tener m\u00e1s fe - Lectio 365","og_description":"Una oraci\u00f3n para tener m\u00e1s fe es para donde quiera que nos encontremos en nuestro camino espiritual, y podemos orar por nosotros mismos y por los dem\u00e1s para tener m\u00e1s fe.","og_url":"http:\/\/lectio365.com\/es\/spotlight-and-resources\/una-oracion-para-tener-mas-fe\/","og_site_name":"Lectio 365","article_publisher":"https:\/\/www.facebook.com\/lectio365app\/","og_image":[{"width":1500,"height":1000,"url":"http:\/\/lectio365.com\/wp-content\/uploads\/2025\/05\/a-prayer-for-more-faith.jpg","type":"image\/jpeg"}],"twitter_card":"summary_large_image","twitter_misc":{"Tiempo de lectura":"2 minutos"},"schema":{"@context":"https:\/\/schema.org","@graph":[{"@type":"WebPage","@id":"http:\/\/lectio365.com\/es\/spotlight-and-resources\/una-oracion-para-tener-mas-fe\/","url":"http:\/\/lectio365.com\/es\/spotlight-and-resources\/una-oracion-para-tener-mas-fe\/","name":"Una oraci\u00f3n para tener m\u00e1s fe - Lectio 365","isPartOf":{"@id":"https:\/\/lectio365.com\/es\/#website"},"primaryImageOfPage":{"@id":"http:\/\/lectio365.com\/es\/spotlight-and-resources\/una-oracion-para-tener-mas-fe\/#primaryimage"},"image":{"@id":"http:\/\/lectio365.com\/es\/spotlight-and-resources\/una-oracion-para-tener-mas-fe\/#primaryimage"},"thumbnailUrl":"http:\/\/lectio365.com\/wp-content\/uploads\/2025\/05\/a-prayer-for-more-faith.jpg","datePublished":"2025-05-26T07:24:00+00:00","description":"Una oraci\u00f3n para tener m\u00e1s fe es para donde quiera que nos encontremos en nuestro camino espiritual, y podemos orar por nosotros mismos y por los dem\u00e1s para tener m\u00e1s fe.","breadcrumb":{"@id":"http:\/\/lectio365.com\/es\/spotlight-and-resources\/una-oracion-para-tener-mas-fe\/#breadcrumb"},"inLanguage":"es","potentialAction":[{"@type":"ReadAction","target":["http:\/\/lectio365.com\/es\/spotlight-and-resources\/una-oracion-para-tener-mas-fe\/"]}]},{"@type":"ImageObject","inLanguage":"es","@id":"http:\/\/lectio365.com\/es\/spotlight-and-resources\/una-oracion-para-tener-mas-fe\/#primaryimage","url":"http:\/\/lectio365.com\/wp-content\/uploads\/2025\/05\/a-prayer-for-more-faith.jpg","contentUrl":"http:\/\/lectio365.com\/wp-content\/uploads\/2025\/05\/a-prayer-for-more-faith.jpg","width":1500,"height":1000,"caption":"A Prayer for More Faith"},{"@type":"BreadcrumbList","@id":"http:\/\/lectio365.com\/es\/spotlight-and-resources\/una-oracion-para-tener-mas-fe\/#breadcrumb","itemListElement":[{"@type":"ListItem","position":1,"name":"Home","item":"https:\/\/lectio365.com\/es\/"},{"@type":"ListItem","position":2,"name":"Una oraci\u00f3n para tener m\u00e1s fe"}]},{"@type":"WebSite","@id":"https:\/\/lectio365.com\/es\/#website","url":"https:\/\/lectio365.com\/es\/","name":"Lectio 365","description":"Pray the Bible every day","publisher":{"@id":"https:\/\/lectio365.com\/es\/#organization"},"potentialAction":[{"@type":"SearchAction","target":{"@type":"EntryPoint","urlTemplate":"https:\/\/lectio365.com\/es\/?s={search_term_string}"},"query-input":{"@type":"PropertyValueSpecification","valueRequired":true,"valueName":"search_term_string"}}],"inLanguage":"es"},{"@type":"Organization","@id":"https:\/\/lectio365.com\/es\/#organization","name":"Lectio 365","url":"https:\/\/lectio365.com\/es\/","logo":{"@type":"ImageObject","inLanguage":"es","@id":"https:\/\/lectio365.com\/es\/#\/schema\/logo\/image\/","url":"http:\/\/lectio365.com\/wp-content\/uploads\/2025\/05\/logo-dark.svg","contentUrl":"http:\/\/lectio365.com\/wp-content\/uploads\/2025\/05\/logo-dark.svg","width":"1024","height":"1024","caption":"Lectio 365"},"image":{"@id":"https:\/\/lectio365.com\/es\/#\/schema\/logo\/image\/"},"sameAs":["https:\/\/www.facebook.com\/lectio365app\/","https:\/\/www.instagram.com\/lectio365\/","https:\/\/www.threads.com\/@lectio365","https:\/\/www.youtube.com\/@Lectio365","https:\/\/www.tiktok.com\/@lectio365"]}]}},"_links":{"self":[{"href":"http:\/\/lectio365.com\/es\/wp-json\/wp\/v2\/spotlight\/1326","targetHints":{"allow":["GET"]}}],"collection":[{"href":"http:\/\/lectio365.com\/es\/wp-json\/wp\/v2\/spotlight"}],"about":[{"href":"http:\/\/lectio365.com\/es\/wp-json\/wp\/v2\/types\/spotlight"}],"author":[{"embeddable":true,"href":"http:\/\/lectio365.com\/es\/wp-json\/wp\/v2\/users\/3"}],"wp:featuredmedia":[{"embeddable":true,"href":"http:\/\/lectio365.com\/es\/wp-json\/wp\/v2\/media\/1270"}],"wp:attachment":[{"href":"http:\/\/lectio365.com\/es\/wp-json\/wp\/v2\/media?parent=1326"}],"wp:term":[{"taxonomy":"spotlight_type","embeddable":true,"href":"http:\/\/lectio365.com\/es\/wp-json\/wp\/v2\/spotlight_type?post=1326"},{"taxonomy":"host","embeddable":true,"href":"http:\/\/lectio365.com\/es\/wp-json\/wp\/v2\/host?post=1326"}],"curies":[{"name":"wp","href":"https:\/\/api.w.org\/{rel}","templated":true}]}}