{"id":1429,"date":"2025-05-30T10:49:28","date_gmt":"2025-05-30T09:49:28","guid":{"rendered":"https:\/\/lectio365.com\/?post_type=previous-devotional&#038;p=1429"},"modified":"2025-05-30T13:59:46","modified_gmt":"2025-05-30T12:59:46","slug":"una-invitacion-a-la-consagracion","status":"publish","type":"previous-devotional","link":"http:\/\/lectio365.com\/es\/previous-devotional\/una-invitacion-a-la-consagracion\/","title":{"rendered":"Una invitaci\u00f3n a la consagraci\u00f3n"},"content":{"rendered":"\n<p>Hoy es mi\u00e9rcoles, 1 de enero de 2025. \u00a1Feliz A\u00f1o Nuevo! Como hoy es A\u00f1o Nuevo, dirigimos nuestros corazones y nuestras mentes a pensar y orar por el a\u00f1o que comienza.<\/p>\n\n\n\n<p><strong>Observar\/Parar<\/strong><\/p>\n\n\n\n<p><strong><em>Por lo tanto ahora, al iniciar mi tiempo de oraci\u00f3n, hago una pausa para estar quieta; para respirar lentamente, para re-centrar mis sentidos, que se encuentran dispersos, delante de la presencia de Dios.<\/em><\/strong><\/p>\n\n\n\n<h6 class=\"wp-block-heading has-text-align-right has-green-color has-text-color has-link-color wp-elements-12a6e987952a51c263fdb0947bfa2e2b\">Haz una pausa y ora<\/h6>\n\n\n\n<div style=\"height:30px\" aria-hidden=\"true\" class=\"wp-block-spacer\"><\/div>\n\n\n\n<h5 class=\"wp-block-heading\">Oraci\u00f3n de enfoque<\/h5>\n\n\n\n<p><em>Padre amoroso, gracias porque me has apartado para ti. Jes\u00fas, te agradezco que me hayas elegido para dar fruto. Esp\u00edritu Santo, te invito a llenarme de toda tu plenitud. Quiero so\u00f1ar tus sue\u00f1os y ayudar a hacerlos realidad.<\/em><\/p>\n\n\n\n<h3 class=\"wp-block-heading\">Regocijarse y Reflexionar<\/h3>\n\n\n\n<p>Hoy escojo regocijarme en la bondad de Dios, uni\u00e9ndome a la alabanza ancestral de todo el pueblo de Dios en palabras del Salmo 104\u2026<\/p>\n\n\n\n<div class=\"wp-block-group has-white-color has-green-background-color has-text-color has-background has-link-color wp-elements-f87bbc2c9eb01b0c10b89f622d56f8b8\"><div class=\"wp-block-group__inner-container is-layout-constrained wp-block-group-is-layout-constrained\">\n<p>Pero, si env\u00edas tu Esp\u00edritu, son creados,<br>y as\u00ed renuevas la faz de la tierra.<br>Que la gloria del Se\u00f1or perdure eternamente;<br>que el Se\u00f1or se regocije en sus obras.<br>\u00c9l mira la tierra y la hace temblar;<br>toca los montes y los hace echar humo.<br>Cantar\u00e9 al Se\u00f1or toda mi vida;<br>cantar\u00e9 salmos a mi Dios mientras tenga aliento.<br>Quiera \u00e9l agradarse de mi meditaci\u00f3n;<br>yo, por mi parte, me alegro en el Se\u00f1or.<\/p>\n\n\n\n<h6 class=\"wp-block-heading\"><strong>Salmo 104:30\u201334 (NVICST)<\/strong><\/h6>\n<\/div><\/div>\n\n\n\n<h6 class=\"wp-block-heading has-text-align-right has-green-color has-text-color has-link-color wp-elements-6a04bba6a57f12d1f25a4c6309c0d880\"><strong>Haz una pausa y ora<\/strong><\/h6>\n\n\n\n<div style=\"height:30px\" aria-hidden=\"true\" class=\"wp-block-spacer\"><\/div>\n\n\n\n<p>En este 1 de enero, el nacimiento de un nuevo a\u00f1o, estoy reflexionando sobre el derramamiento del Esp\u00edritu Santo en el libro de Joel, y sobre un momento clave en la vida de la iglesia en la d\u00e9cada de 1700\u2026<\/p>\n\n\n\n<div class=\"wp-block-group has-white-color has-green-background-color has-text-color has-background has-link-color wp-elements-7ccfdb83774779354dd52c115a797af3\"><div class=\"wp-block-group__inner-container is-layout-constrained wp-block-group-is-layout-constrained\">\n<p>Despu\u00e9s de esto,<br>derramar\u00e9 mi Esp\u00edritu sobre todo ser humano.<br>Vuestros hijos y vuestras hijas profetizar\u00e1n,<br>tendr\u00e1n sue\u00f1os los ancianos<br>y visiones los j\u00f3venes.<br>En esos d\u00edas derramar\u00e9 mi Esp\u00edritu<br>aun sobre los siervos y las siervas.<\/p>\n\n\n\n<h6 class=\"wp-block-heading\"><strong>Joel 2:28\u201329 (NVICST)<\/strong><\/h6>\n<\/div><\/div>\n\n\n\n<p>A las tres de la madrugada del d\u00eda de A\u00f1o Nuevo de 1739, el Esp\u00edritu Santo tambi\u00e9n acudi\u00f3 a una reuni\u00f3n de oraci\u00f3n que dur\u00f3 toda la noche en Fetter Lane, Londres. \u00abHaci\u00e9ndose eco de la experiencia de aquellos que fueron impulsados a salir del aposento alto en Jerusal\u00e9n para predicar el Evangelio, John Wesley tambi\u00e9n fue impulsado a salir de esa sala de oraci\u00f3n en Londres para recorrer 125.000 millas predicando el Evangelio, mientras que su hermano Charles Wesley comenz\u00f3 a escribir 6.000 himnos. Y su amigo de 25 a\u00f1os, George Whitefield, cruz\u00f3 el Atl\u00e1ntico para avivar el fuego del Primer Gran Despertar de Am\u00e9rica. El mundo nunca volver\u00eda a ser el mismo.<\/p>\n\n\n\n<h3 class=\"wp-block-heading\">Apelar\/Pedir<\/h3>\n\n\n\n<p>es\u00fas dijo que el Padre ama dar el Esp\u00edritu a los que lo piden (Mateo 7:11), tal como John y Charles Wesley lo pidieron aquel d\u00eda en Londres.<\/p>\n\n\n\n<p><em>Y as\u00ed, mientras abro las manos delante de m\u00ed, te pido, Padre, que me llenes de tu Esp\u00edritu. Ll\u00e9name de un nuevo poder para este nuevo a\u00f1o, como llenaste a los que estaban en la asamblea solemne de Joel y llenaste a tus seguidores hace 286 a\u00f1os en Fetter Lane, Londres.<\/em><\/p>\n\n\n\n<h6 class=\"wp-block-heading has-text-align-right has-green-color has-text-color has-link-color wp-elements-6a04bba6a57f12d1f25a4c6309c0d880\"><strong>Haz una pausa y ora<\/strong><\/h6>\n\n\n\n<p><em>Y ahora levanto mis manos y oro por mi comunidad, por mi naci\u00f3n y por las naciones del mundo. Te pido, Padre, que derrames de nuevo tu Esp\u00edritu Santo y avives el fuego de otro Gran Despertar.<\/em><\/p>\n\n\n\n<h6 class=\"wp-block-heading has-text-align-right has-green-color has-text-color has-link-color wp-elements-6a04bba6a57f12d1f25a4c6309c0d880\"><strong>Haz una pausa y ora<\/strong><\/h6>\n\n\n\n<h3 class=\"wp-block-heading\">Rendirse<\/h3>\n\n\n\n<p><strong>Al volver a este pasaje tan conocido, reflexiono en la obra del Esp\u00edritu Santo en mi propia vida.<\/strong><\/p>\n\n\n\n<div class=\"wp-block-group has-white-color has-green-background-color has-text-color has-background has-link-color wp-elements-7ccfdb83774779354dd52c115a797af3\"><div class=\"wp-block-group__inner-container is-layout-constrained wp-block-group-is-layout-constrained\">\n<p>Despu\u00e9s de esto,<br>derramar\u00e9 mi Esp\u00edritu sobre todo ser humano.<br>Vuestros hijos y vuestras hijas profetizar\u00e1n,<br>tendr\u00e1n sue\u00f1os los ancianos<br>y visiones los j\u00f3venes.<br>En esos d\u00edas derramar\u00e9 mi Esp\u00edritu<br>aun sobre los siervos y las siervas.<\/p>\n\n\n\n<h6 class=\"wp-block-heading\"><strong>Joel 2:28\u201329 (NVICST)<\/strong><\/h6>\n<\/div><\/div>\n\n\n\n<p>El derramamiento del Esp\u00edritu Santo en el libro de Joel da lugar a profec\u00edas, sue\u00f1os y visiones. \u00bfC\u00f3mo podr\u00eda el Esp\u00edritu de Dios llenarme y darme poder para escuchar las palabras de Dios, para ver lo que Dios ve, para so\u00f1ar los sue\u00f1os de Dios para el nuevo a\u00f1o, tanto en mi propia vida como en el resto del mundo?<\/p>\n\n\n\n<h6 class=\"wp-block-heading has-text-align-right has-green-color has-text-color has-link-color wp-elements-6a04bba6a57f12d1f25a4c6309c0d880\"><strong>Haz una pausa y ora<\/strong><\/h6>\n\n\n\n<p><strong>Oraci\u00f3n de rendici\u00f3n<\/strong><\/p>\n\n\n\n<p>El derramamiento del Esp\u00edritu Santo en el libro de Joel fue en parte una respuesta al hecho de que el pueblo de Israel se consagrara al Se\u00f1or, apart\u00e1ndose para los santos prop\u00f3sitos de Dios. La oraci\u00f3n del Pacto Metodista, escrita por el propio John Wesley en 1755, es orada por millones de metodistas al comienzo de cada a\u00f1o. Es una liturgia de consagraci\u00f3n, una entrega profunda y hermosa, y por eso me uno a las hermanas y hermanos en Cristo de todo el mundo al orarla ahora.<\/p>\n\n\n\n<div class=\"wp-block-group has-white-color has-green-background-color has-text-color has-background has-link-color wp-elements-ebc11235412e7dca6f7e9f4cc8d49ae7\"><div class=\"wp-block-group__inner-container is-layout-constrained wp-block-group-is-layout-constrained\">\n<p>No me pertenezco, soy tuya.<br>Ponme donde quieras, as\u00f3ciame con quien quieras<br>Ponme a trabajar, ponme a sufrir<br>Sea yo empleada por ti, o desplazada por ti, exaltada para ti o rebajada por ti.<br>Haz que yo est\u00e9 llena, haz que est\u00e9 vac\u00edo,<br>Haz que tenga todo, haz que no tenga nada.<br>Voluntariamente y de coraz\u00f3n cedo todas las cosas a tu placer y disponibilidad.<br>Y ahora, glorioso y bendito Dios, Padre, Hijo y Esp\u00edritu Santo,<br>T\u00fa eres m\u00edo y yo soy tuya.<br>As\u00ed sea.**<\/p>\n\n\n\n<p><\/p>\n<\/div><\/div>\n\n\n\n<h5 class=\"wp-block-heading\"><strong>Oraci\u00f3n para concluir<\/strong><\/h5>\n\n\n\n<p><strong><em>Padre, ay\u00fadame a vivir este d\u00eda al m\u00e1ximo,<br>siendo aut\u00e9ntica contigo en todo.<br>Jes\u00fas, ay\u00fadame a darme a los dem\u00e1s,<br>siendo amable con toda la gente con la que me encuentre.<br>Esp\u00edritu, ay\u00fadame a amar a la gente que se encuentra perdida,<br>proclamando a Cristo en todo lo que digo y hago.<br>Am\u00e9n.<\/em><\/strong><\/p>\n\n\n\n<p>* John Wesley, Works of Wesley (Wesleyan Methodist Book Room, 1872: Baker House, 1986) 1:170.<br>** Methodist Covenant Prayer, <a href=\"https:\/\/www.methodist.org.uk\/about-us\/the-methodist-church\/what-is-distinctive-about-methodism\/a-covenant-with-god\/\">https:\/\/www.methodist.org.uk\/about-us\/the-methodist-church\/what-is-distinctive-about-methodism\/a-covenant-with-god\/<\/a><\/p>\n","protected":false},"featured_media":1088,"template":"","host":[40],"time_of_day":[38],"class_list":["post-1429","previous-devotional","type-previous-devotional","status-publish","has-post-thumbnail","hentry","host-loida-fernandez","time_of_day-manana"],"acf":[],"yoast_head":"<!-- This site is optimized with the Yoast SEO plugin v26.8 - https:\/\/yoast.com\/product\/yoast-seo-wordpress\/ -->\n<title>Una invitaci\u00f3n a la consagraci\u00f3n - Lectio 365<\/title>\n<meta name=\"description\" content=\"Lectio 365 is a free devotional app that helps you pray the Bible daily and experience God\u2019s presence in your life.\" \/>\n<meta name=\"robots\" content=\"index, follow, max-snippet:-1, max-image-preview:large, max-video-preview:-1\" \/>\n<link rel=\"canonical\" href=\"http:\/\/lectio365.com\/es\/previous-devotional\/una-invitacion-a-la-consagracion\/\" \/>\n<meta property=\"og:locale\" content=\"es_ES\" \/>\n<meta property=\"og:type\" content=\"article\" \/>\n<meta property=\"og:title\" content=\"Una invitaci\u00f3n a la consagraci\u00f3n - Lectio 365\" \/>\n<meta property=\"og:description\" content=\"Lectio 365 is a free devotional app that helps you pray the Bible daily and experience God\u2019s presence in your life.\" \/>\n<meta property=\"og:url\" content=\"http:\/\/lectio365.com\/es\/previous-devotional\/una-invitacion-a-la-consagracion\/\" \/>\n<meta property=\"og:site_name\" content=\"Lectio 365\" \/>\n<meta property=\"article:publisher\" content=\"https:\/\/www.facebook.com\/lectio365app\/\" \/>\n<meta property=\"article:modified_time\" content=\"2025-05-30T12:59:46+00:00\" \/>\n<meta property=\"og:image\" content=\"http:\/\/lectio365.com\/wp-content\/uploads\/2025\/01\/1st-Jan-Mission.jpg\" \/>\n\t<meta property=\"og:image:width\" content=\"1402\" \/>\n\t<meta property=\"og:image:height\" content=\"935\" \/>\n\t<meta property=\"og:image:type\" content=\"image\/jpeg\" \/>\n<meta name=\"twitter:card\" content=\"summary_large_image\" \/>\n<meta name=\"twitter:label1\" content=\"Tiempo de lectura\" \/>\n\t<meta name=\"twitter:data1\" content=\"5 minutos\" \/>\n<script type=\"application\/ld+json\" class=\"yoast-schema-graph\">{\"@context\":\"https:\/\/schema.org\",\"@graph\":[{\"@type\":\"WebPage\",\"@id\":\"http:\/\/lectio365.com\/es\/previous-devotional\/una-invitacion-a-la-consagracion\/\",\"url\":\"http:\/\/lectio365.com\/es\/previous-devotional\/una-invitacion-a-la-consagracion\/\",\"name\":\"Una invitaci\u00f3n a la consagraci\u00f3n - Lectio 365\",\"isPartOf\":{\"@id\":\"http:\/\/lectio365.com\/es\/#website\"},\"primaryImageOfPage\":{\"@id\":\"http:\/\/lectio365.com\/es\/previous-devotional\/una-invitacion-a-la-consagracion\/#primaryimage\"},\"image\":{\"@id\":\"http:\/\/lectio365.com\/es\/previous-devotional\/una-invitacion-a-la-consagracion\/#primaryimage\"},\"thumbnailUrl\":\"http:\/\/lectio365.com\/wp-content\/uploads\/2025\/01\/1st-Jan-Mission.jpg\",\"datePublished\":\"2025-05-30T09:49:28+00:00\",\"dateModified\":\"2025-05-30T12:59:46+00:00\",\"description\":\"Lectio 365 is a free devotional app that helps you pray the Bible daily and experience God\u2019s presence in your life.\",\"breadcrumb\":{\"@id\":\"http:\/\/lectio365.com\/es\/previous-devotional\/una-invitacion-a-la-consagracion\/#breadcrumb\"},\"inLanguage\":\"es\",\"potentialAction\":[{\"@type\":\"ReadAction\",\"target\":[\"http:\/\/lectio365.com\/es\/previous-devotional\/una-invitacion-a-la-consagracion\/\"]}]},{\"@type\":\"ImageObject\",\"inLanguage\":\"es\",\"@id\":\"http:\/\/lectio365.com\/es\/previous-devotional\/una-invitacion-a-la-consagracion\/#primaryimage\",\"url\":\"http:\/\/lectio365.com\/wp-content\/uploads\/2025\/01\/1st-Jan-Mission.jpg\",\"contentUrl\":\"http:\/\/lectio365.com\/wp-content\/uploads\/2025\/01\/1st-Jan-Mission.jpg\",\"width\":1402,\"height\":935},{\"@type\":\"BreadcrumbList\",\"@id\":\"http:\/\/lectio365.com\/es\/previous-devotional\/una-invitacion-a-la-consagracion\/#breadcrumb\",\"itemListElement\":[{\"@type\":\"ListItem\",\"position\":1,\"name\":\"Home\",\"item\":\"https:\/\/lectio365.com\/es\/\"},{\"@type\":\"ListItem\",\"position\":2,\"name\":\"Una invitaci\u00f3n a la consagraci\u00f3n\"}]},{\"@type\":\"WebSite\",\"@id\":\"http:\/\/lectio365.com\/es\/#website\",\"url\":\"http:\/\/lectio365.com\/es\/\",\"name\":\"Lectio 365\",\"description\":\"Pray the Bible every day\",\"publisher\":{\"@id\":\"http:\/\/lectio365.com\/es\/#organization\"},\"potentialAction\":[{\"@type\":\"SearchAction\",\"target\":{\"@type\":\"EntryPoint\",\"urlTemplate\":\"http:\/\/lectio365.com\/es\/?s={search_term_string}\"},\"query-input\":{\"@type\":\"PropertyValueSpecification\",\"valueRequired\":true,\"valueName\":\"search_term_string\"}}],\"inLanguage\":\"es\"},{\"@type\":\"Organization\",\"@id\":\"http:\/\/lectio365.com\/es\/#organization\",\"name\":\"Lectio 365\",\"url\":\"http:\/\/lectio365.com\/es\/\",\"logo\":{\"@type\":\"ImageObject\",\"inLanguage\":\"es\",\"@id\":\"http:\/\/lectio365.com\/es\/#\/schema\/logo\/image\/\",\"url\":\"http:\/\/lectio365.com\/wp-content\/uploads\/2025\/05\/logo-dark.svg\",\"contentUrl\":\"http:\/\/lectio365.com\/wp-content\/uploads\/2025\/05\/logo-dark.svg\",\"width\":\"1024\",\"height\":\"1024\",\"caption\":\"Lectio 365\"},\"image\":{\"@id\":\"http:\/\/lectio365.com\/es\/#\/schema\/logo\/image\/\"},\"sameAs\":[\"https:\/\/www.facebook.com\/lectio365app\/\",\"https:\/\/www.instagram.com\/lectio365\/\",\"https:\/\/www.threads.com\/@lectio365\",\"https:\/\/www.youtube.com\/@Lectio365\",\"https:\/\/www.tiktok.com\/@lectio365\"]}]}<\/script>\n<!-- \/ Yoast SEO plugin. -->","yoast_head_json":{"title":"Una invitaci\u00f3n a la consagraci\u00f3n - Lectio 365","description":"Lectio 365 is a free devotional app that helps you pray the Bible daily and experience God\u2019s presence in your life.","robots":{"index":"index","follow":"follow","max-snippet":"max-snippet:-1","max-image-preview":"max-image-preview:large","max-video-preview":"max-video-preview:-1"},"canonical":"http:\/\/lectio365.com\/es\/previous-devotional\/una-invitacion-a-la-consagracion\/","og_locale":"es_ES","og_type":"article","og_title":"Una invitaci\u00f3n a la consagraci\u00f3n - Lectio 365","og_description":"Lectio 365 is a free devotional app that helps you pray the Bible daily and experience God\u2019s presence in your life.","og_url":"http:\/\/lectio365.com\/es\/previous-devotional\/una-invitacion-a-la-consagracion\/","og_site_name":"Lectio 365","article_publisher":"https:\/\/www.facebook.com\/lectio365app\/","article_modified_time":"2025-05-30T12:59:46+00:00","og_image":[{"width":1402,"height":935,"url":"http:\/\/lectio365.com\/wp-content\/uploads\/2025\/01\/1st-Jan-Mission.jpg","type":"image\/jpeg"}],"twitter_card":"summary_large_image","twitter_misc":{"Tiempo de lectura":"5 minutos"},"schema":{"@context":"https:\/\/schema.org","@graph":[{"@type":"WebPage","@id":"http:\/\/lectio365.com\/es\/previous-devotional\/una-invitacion-a-la-consagracion\/","url":"http:\/\/lectio365.com\/es\/previous-devotional\/una-invitacion-a-la-consagracion\/","name":"Una invitaci\u00f3n a la consagraci\u00f3n - Lectio 365","isPartOf":{"@id":"http:\/\/lectio365.com\/es\/#website"},"primaryImageOfPage":{"@id":"http:\/\/lectio365.com\/es\/previous-devotional\/una-invitacion-a-la-consagracion\/#primaryimage"},"image":{"@id":"http:\/\/lectio365.com\/es\/previous-devotional\/una-invitacion-a-la-consagracion\/#primaryimage"},"thumbnailUrl":"http:\/\/lectio365.com\/wp-content\/uploads\/2025\/01\/1st-Jan-Mission.jpg","datePublished":"2025-05-30T09:49:28+00:00","dateModified":"2025-05-30T12:59:46+00:00","description":"Lectio 365 is a free devotional app that helps you pray the Bible daily and experience God\u2019s presence in your life.","breadcrumb":{"@id":"http:\/\/lectio365.com\/es\/previous-devotional\/una-invitacion-a-la-consagracion\/#breadcrumb"},"inLanguage":"es","potentialAction":[{"@type":"ReadAction","target":["http:\/\/lectio365.com\/es\/previous-devotional\/una-invitacion-a-la-consagracion\/"]}]},{"@type":"ImageObject","inLanguage":"es","@id":"http:\/\/lectio365.com\/es\/previous-devotional\/una-invitacion-a-la-consagracion\/#primaryimage","url":"http:\/\/lectio365.com\/wp-content\/uploads\/2025\/01\/1st-Jan-Mission.jpg","contentUrl":"http:\/\/lectio365.com\/wp-content\/uploads\/2025\/01\/1st-Jan-Mission.jpg","width":1402,"height":935},{"@type":"BreadcrumbList","@id":"http:\/\/lectio365.com\/es\/previous-devotional\/una-invitacion-a-la-consagracion\/#breadcrumb","itemListElement":[{"@type":"ListItem","position":1,"name":"Home","item":"https:\/\/lectio365.com\/es\/"},{"@type":"ListItem","position":2,"name":"Una invitaci\u00f3n a la consagraci\u00f3n"}]},{"@type":"WebSite","@id":"http:\/\/lectio365.com\/es\/#website","url":"http:\/\/lectio365.com\/es\/","name":"Lectio 365","description":"Pray the Bible every day","publisher":{"@id":"http:\/\/lectio365.com\/es\/#organization"},"potentialAction":[{"@type":"SearchAction","target":{"@type":"EntryPoint","urlTemplate":"http:\/\/lectio365.com\/es\/?s={search_term_string}"},"query-input":{"@type":"PropertyValueSpecification","valueRequired":true,"valueName":"search_term_string"}}],"inLanguage":"es"},{"@type":"Organization","@id":"http:\/\/lectio365.com\/es\/#organization","name":"Lectio 365","url":"http:\/\/lectio365.com\/es\/","logo":{"@type":"ImageObject","inLanguage":"es","@id":"http:\/\/lectio365.com\/es\/#\/schema\/logo\/image\/","url":"http:\/\/lectio365.com\/wp-content\/uploads\/2025\/05\/logo-dark.svg","contentUrl":"http:\/\/lectio365.com\/wp-content\/uploads\/2025\/05\/logo-dark.svg","width":"1024","height":"1024","caption":"Lectio 365"},"image":{"@id":"http:\/\/lectio365.com\/es\/#\/schema\/logo\/image\/"},"sameAs":["https:\/\/www.facebook.com\/lectio365app\/","https:\/\/www.instagram.com\/lectio365\/","https:\/\/www.threads.com\/@lectio365","https:\/\/www.youtube.com\/@Lectio365","https:\/\/www.tiktok.com\/@lectio365"]}]}},"_links":{"self":[{"href":"http:\/\/lectio365.com\/es\/wp-json\/wp\/v2\/previous-devotional\/1429","targetHints":{"allow":["GET"]}}],"collection":[{"href":"http:\/\/lectio365.com\/es\/wp-json\/wp\/v2\/previous-devotional"}],"about":[{"href":"http:\/\/lectio365.com\/es\/wp-json\/wp\/v2\/types\/previous-devotional"}],"wp:featuredmedia":[{"embeddable":true,"href":"http:\/\/lectio365.com\/es\/wp-json\/wp\/v2\/media\/1088"}],"wp:attachment":[{"href":"http:\/\/lectio365.com\/es\/wp-json\/wp\/v2\/media?parent=1429"}],"wp:term":[{"taxonomy":"host","embeddable":true,"href":"http:\/\/lectio365.com\/es\/wp-json\/wp\/v2\/host?post=1429"},{"taxonomy":"time_of_day","embeddable":true,"href":"http:\/\/lectio365.com\/es\/wp-json\/wp\/v2\/time_of_day?post=1429"}],"curies":[{"name":"wp","href":"https:\/\/api.w.org\/{rel}","templated":true}]}}